{"id":1544,"date":"2013-02-13T20:35:34","date_gmt":"2013-02-13T19:35:34","guid":{"rendered":"https:\/\/www.elmundodelasemociones.es\/Weblog\/?page_id=1544"},"modified":"2018-06-13T08:47:14","modified_gmt":"2018-06-13T07:47:14","slug":"galeria-fotografica","status":"publish","type":"page","link":"https:\/\/www.elmundodelasemociones.es\/Weblog\/galeria-fotografica\/","title":{"rendered":"Galer\u00eda fotogr\u00e1fica"},"content":{"rendered":"<p>Galer\u00eda fotogr\u00e1fica de talleres, seminarios, conferencias, etc\u2026<\/p>\n\r\n\t\t<style type='text\/css'>\r\n\t\t\t#gallery-1 {\r\n\t\t\t\tmargin: auto;\r\n\t\t\t}\r\n\t\t\t#gallery-1 .gallery-item {\r\n\t\t\t\tfloat: left;\r\n\t\t\t\tmargin-top: 10px;\r\n\t\t\t\ttext-align: center;\r\n\t\t\t\twidth: 50%;\r\n\t\t\t}\r\n\t\t\t#gallery-1 img {\r\n\t\t\t\tborder: 2px solid #cfcfcf;\r\n\t\t\t}\r\n\t\t\t#gallery-1 .gallery-caption {\r\n\t\t\t\tmargin-left: 0;\r\n\t\t\t}\r\n\t\t<\/style>\r\n\t\t<!-- see gallery_shortcode() in wp-includes\/media.php -->\n\t\t<div id='gallery-1' class='gallery galleryid-1544 gallery-columns-2 gallery-size-thumbnail gallery1'><script type=\"text\/javascript\">\r\n\/\/ <![CDATA[\r\n\tjQuery(document).ready(function () {\r\n\t\tjQuery(\".gallery1 a\").attr(\"rel\",\"gallery1\");\t\r\n\t\tjQuery('a[rel=\"gallery1\"]').colorbox({maxWidth:\"95%\", maxHeight:\"95%\",title: function(){ return jQuery(this).children().attr(\"alt\"); }, });\r\n\t});\r\n\/\/ ]]>\r\n<\/script>\n<dl class=\"gallery-item\">\n<dt class=\"gallery-icon\">\r\n<a href=\"https:\/\/www.elmundodelasemociones.es\/Weblog\/wp-content\/uploads\/2013\/02\/DSC03083.jpg\" title=\"\" rel=\"gallery1\"><img loading=\"lazy\" decoding=\"async\" src=\"https:\/\/www.elmundodelasemociones.es\/Weblog\/wp-content\/uploads\/2013\/02\/DSC03083-125x125.jpg\" width=\"125\" height=\"125\" alt=\"El mundo de las emociones - Maryam Varela\" \/><\/a>\r\n<\/dt><dd class=\"gallery-caption\" id=\"caption1582\"><span class=\"imagedescription\">El mundo de las emociones - Maryam Varela<\/span><br \/>\n<\/dd><\/dl><dl class=\"gallery-item\">\n<dt class=\"gallery-icon\">\r\n<a href=\"https:\/\/www.elmundodelasemociones.es\/Weblog\/wp-content\/uploads\/2013\/02\/DSC03097.jpg\" title=\"\" rel=\"gallery1\"><img loading=\"lazy\" decoding=\"async\" src=\"https:\/\/www.elmundodelasemociones.es\/Weblog\/wp-content\/uploads\/2013\/02\/DSC03097-125x125.jpg\" width=\"125\" height=\"125\" alt=\"El mundo de las emociones - Maryam Varela\" \/><\/a>\r\n<\/dt><dd class=\"gallery-caption\" id=\"caption1583\"><span class=\"imagedescription\">El mundo de las emociones - Maryam Varela<\/span><br \/>\n<\/dd><\/dl><br style=\"clear: both\" \/><dl class=\"gallery-item\">\n<dt class=\"gallery-icon\">\r\n<a href=\"https:\/\/www.elmundodelasemociones.es\/Weblog\/wp-content\/uploads\/2013\/02\/DSC03139.jpg\" title=\"\" rel=\"gallery1\"><img loading=\"lazy\" decoding=\"async\" src=\"https:\/\/www.elmundodelasemociones.es\/Weblog\/wp-content\/uploads\/2013\/02\/DSC03139-125x125.jpg\" width=\"125\" height=\"125\" alt=\"El mundo de las emociones - Maryam Varela\" \/><\/a>\r\n<\/dt><dd class=\"gallery-caption\" id=\"caption1584\"><span class=\"imagedescription\">El mundo de las emociones - Maryam Varela<\/span><br \/>\n<\/dd><\/dl><dl class=\"gallery-item\">\n<dt class=\"gallery-icon\">\r\n<a href=\"https:\/\/www.elmundodelasemociones.es\/Weblog\/wp-content\/uploads\/2013\/02\/DSC03148.jpg\" title=\"\" rel=\"gallery1\"><img loading=\"lazy\" decoding=\"async\" src=\"https:\/\/www.elmundodelasemociones.es\/Weblog\/wp-content\/uploads\/2013\/02\/DSC03148-125x125.jpg\" width=\"125\" height=\"125\" alt=\"El mundo de las emociones - Maryam Varela\" \/><\/a>\r\n<\/dt><dd class=\"gallery-caption\" id=\"caption1585\"><span class=\"imagedescription\">El mundo de las emociones - Maryam Varela<\/span><br \/>\n<\/dd><\/dl><br style=\"clear: both\" \/><dl class=\"gallery-item\">\n<dt class=\"gallery-icon\">\r\n<a href=\"https:\/\/www.elmundodelasemociones.es\/Weblog\/wp-content\/uploads\/2013\/02\/DSC03155.jpg\" title=\"\" rel=\"gallery1\"><img loading=\"lazy\" decoding=\"async\" src=\"https:\/\/www.elmundodelasemociones.es\/Weblog\/wp-content\/uploads\/2013\/02\/DSC03155-125x125.jpg\" width=\"125\" height=\"125\" alt=\"El mundo de las emociones - Maryam Varela\" \/><\/a>\r\n<\/dt><dd class=\"gallery-caption\" id=\"caption1586\"><span class=\"imagedescription\">El mundo de las emociones - Maryam Varela<\/span><br \/>\n<\/dd><\/dl><dl class=\"gallery-item\">\n<dt class=\"gallery-icon\">\r\n<a href=\"https:\/\/www.elmundodelasemociones.es\/Weblog\/wp-content\/uploads\/2013\/02\/fm1.jpg\" title=\"\" rel=\"gallery1\"><img loading=\"lazy\" decoding=\"async\" src=\"https:\/\/www.elmundodelasemociones.es\/Weblog\/wp-content\/uploads\/2013\/02\/fm1-125x125.jpg\" width=\"125\" height=\"125\" alt=\"El mundo de las emociones - Maryam Varela\" \/><\/a>\r\n<\/dt><dd class=\"gallery-caption\" id=\"caption1587\"><span class=\"imagedescription\">El mundo de las emociones - Maryam Varela<\/span><br \/>\n<\/dd><\/dl><br style=\"clear: both\" \/><dl class=\"gallery-item\">\n<dt class=\"gallery-icon\">\r\n<a href=\"https:\/\/www.elmundodelasemociones.es\/Weblog\/wp-content\/uploads\/2013\/02\/fm2.jpg\" title=\"\" rel=\"gallery1\"><img loading=\"lazy\" decoding=\"async\" src=\"https:\/\/www.elmundodelasemociones.es\/Weblog\/wp-content\/uploads\/2013\/02\/fm2-125x125.jpg\" width=\"125\" height=\"125\" alt=\"El mundo de las emociones - Maryam Varela\" \/><\/a>\r\n<\/dt><dd class=\"gallery-caption\" id=\"caption1588\"><span class=\"imagedescription\">El mundo de las emociones - Maryam Varela<\/span><br \/>\n<\/dd><\/dl><dl class=\"gallery-item\">\n<dt class=\"gallery-icon\">\r\n<a href=\"https:\/\/www.elmundodelasemociones.es\/Weblog\/wp-content\/uploads\/2013\/02\/fm3.jpg\" title=\"\" rel=\"gallery1\"><img loading=\"lazy\" decoding=\"async\" src=\"https:\/\/www.elmundodelasemociones.es\/Weblog\/wp-content\/uploads\/2013\/02\/fm3-125x125.jpg\" width=\"125\" height=\"125\" alt=\"El mundo de las emociones - Maryam Varela\" \/><\/a>\r\n<\/dt><dd class=\"gallery-caption\" id=\"caption1589\"><span class=\"imagedescription\">El mundo de las emociones - Maryam Varela<\/span><br \/>\n<\/dd><\/dl><br style=\"clear: both\" \/><dl class=\"gallery-item\">\n<dt class=\"gallery-icon\">\r\n<a href=\"https:\/\/www.elmundodelasemociones.es\/Weblog\/wp-content\/uploads\/2013\/02\/fm4.jpg\" title=\"\" rel=\"gallery1\"><img loading=\"lazy\" decoding=\"async\" src=\"https:\/\/www.elmundodelasemociones.es\/Weblog\/wp-content\/uploads\/2013\/02\/fm4-125x125.jpg\" width=\"125\" height=\"125\" alt=\"El mundo de las emociones - Maryam Varela\" \/><\/a>\r\n<\/dt><dd class=\"gallery-caption\" id=\"caption1590\"><span class=\"imagedescription\">El mundo de las emociones - Maryam Varela<\/span><br \/>\n<\/dd><\/dl><dl class=\"gallery-item\">\n<dt class=\"gallery-icon\">\r\n<a href=\"https:\/\/www.elmundodelasemociones.es\/Weblog\/wp-content\/uploads\/2013\/02\/fm5.jpg\" title=\"\" rel=\"gallery1\"><img loading=\"lazy\" decoding=\"async\" src=\"https:\/\/www.elmundodelasemociones.es\/Weblog\/wp-content\/uploads\/2013\/02\/fm5-125x125.jpg\" width=\"125\" height=\"125\" alt=\"El mundo de las emociones - Maryam Varela\" \/><\/a>\r\n<\/dt><dd class=\"gallery-caption\" id=\"caption1591\"><span class=\"imagedescription\">El mundo de las emociones - Maryam Varela<\/span><br \/>\n<\/dd><\/dl><br style=\"clear: both\" \/><dl class=\"gallery-item\">\n<dt class=\"gallery-icon\">\r\n<a href=\"https:\/\/www.elmundodelasemociones.es\/Weblog\/wp-content\/uploads\/2013\/02\/fm6.jpg\" title=\"\" rel=\"gallery1\"><img loading=\"lazy\" decoding=\"async\" src=\"https:\/\/www.elmundodelasemociones.es\/Weblog\/wp-content\/uploads\/2013\/02\/fm6-125x125.jpg\" width=\"125\" height=\"125\" alt=\"El mundo de las emociones - Maryam Varela\" \/><\/a>\r\n<\/dt><dd class=\"gallery-caption\" id=\"caption1592\"><span class=\"imagedescription\">El mundo de las emociones - Maryam Varela<\/span><br \/>\n<\/dd><\/dl><dl class=\"gallery-item\">\n<dt class=\"gallery-icon\">\r\n<a href=\"https:\/\/www.elmundodelasemociones.es\/Weblog\/wp-content\/uploads\/2013\/02\/fm7.jpg\" title=\"\" rel=\"gallery1\"><img loading=\"lazy\" decoding=\"async\" src=\"https:\/\/www.elmundodelasemociones.es\/Weblog\/wp-content\/uploads\/2013\/02\/fm7-125x125.jpg\" width=\"125\" height=\"125\" alt=\"El mundo de las emociones - Maryam Varela\" \/><\/a>\r\n<\/dt><dd class=\"gallery-caption\" id=\"caption1593\"><span class=\"imagedescription\">El mundo de las emociones - Maryam Varela<\/span><br \/>\n<\/dd><\/dl><br style=\"clear: both\" \/><dl class=\"gallery-item\">\n<dt class=\"gallery-icon\">\r\n<a href=\"https:\/\/www.elmundodelasemociones.es\/Weblog\/wp-content\/uploads\/2013\/02\/fm8.jpg\" title=\"\" rel=\"gallery1\"><img loading=\"lazy\" decoding=\"async\" src=\"https:\/\/www.elmundodelasemociones.es\/Weblog\/wp-content\/uploads\/2013\/02\/fm8-125x125.jpg\" width=\"125\" height=\"125\" alt=\"El mundo de las emociones - Maryam Varela\" \/><\/a>\r\n<\/dt><dd class=\"gallery-caption\" id=\"caption1594\"><span class=\"imagedescription\">El mundo de las emociones - Maryam Varela<\/span><br \/>\n<\/dd><\/dl><dl class=\"gallery-item\">\n<dt class=\"gallery-icon\">\r\n<a href=\"https:\/\/www.elmundodelasemociones.es\/Weblog\/wp-content\/uploads\/2013\/02\/fm9.jpg\" title=\"\" rel=\"gallery1\"><img loading=\"lazy\" decoding=\"async\" src=\"https:\/\/www.elmundodelasemociones.es\/Weblog\/wp-content\/uploads\/2013\/02\/fm9-125x125.jpg\" width=\"125\" height=\"125\" alt=\"El mundo de las emociones - Maryam Varela\" \/><\/a>\r\n<\/dt><dd class=\"gallery-caption\" id=\"caption1595\"><span class=\"imagedescription\">El mundo de las emociones - Maryam Varela<\/span><br \/>\n<\/dd><\/dl><br style=\"clear: both\" \/><dl class=\"gallery-item\">\n<dt class=\"gallery-icon\">\r\n<a href=\"https:\/\/www.elmundodelasemociones.es\/Weblog\/wp-content\/uploads\/2013\/02\/fm10.jpg\" title=\"\" rel=\"gallery1\"><img loading=\"lazy\" decoding=\"async\" src=\"https:\/\/www.elmundodelasemociones.es\/Weblog\/wp-content\/uploads\/2013\/02\/fm10-125x125.jpg\" width=\"125\" height=\"125\" alt=\"El mundo de las emociones - Maryam Varela\" \/><\/a>\r\n<\/dt><dd class=\"gallery-caption\" id=\"caption1596\"><span class=\"imagedescription\">El mundo de las emociones - Maryam Varela<\/span><br \/>\n<\/dd><\/dl><dl class=\"gallery-item\">\n<dt class=\"gallery-icon\">\r\n<a href=\"https:\/\/www.elmundodelasemociones.es\/Weblog\/wp-content\/uploads\/2013\/02\/foto-pasion-1.jpg\" title=\"\" rel=\"gallery1\"><img loading=\"lazy\" decoding=\"async\" src=\"https:\/\/www.elmundodelasemociones.es\/Weblog\/wp-content\/uploads\/2013\/02\/foto-pasion-1-125x125.jpg\" width=\"125\" height=\"125\" alt=\"El mundo de las emociones - Maryam Varela\" \/><\/a>\r\n<\/dt><dd class=\"gallery-caption\" id=\"caption1597\"><span class=\"imagedescription\">El mundo de las emociones - Maryam Varela<\/span><br \/>\n<\/dd><\/dl><br style=\"clear: both\" \/><dl class=\"gallery-item\">\n<dt class=\"gallery-icon\">\r\n<a href=\"https:\/\/www.elmundodelasemociones.es\/Weblog\/wp-content\/uploads\/2013\/02\/foto-pasion-2.jpg\" title=\"\" rel=\"gallery1\"><img loading=\"lazy\" decoding=\"async\" src=\"https:\/\/www.elmundodelasemociones.es\/Weblog\/wp-content\/uploads\/2013\/02\/foto-pasion-2-125x125.jpg\" width=\"125\" height=\"125\" alt=\"El mundo de las emociones - Maryam Varela\" \/><\/a>\r\n<\/dt><dd class=\"gallery-caption\" id=\"caption1598\"><span class=\"imagedescription\">El mundo de las emociones - Maryam Varela<\/span><br \/>\n<\/dd><\/dl><dl class=\"gallery-item\">\n<dt class=\"gallery-icon\">\r\n<a href=\"https:\/\/www.elmundodelasemociones.es\/Weblog\/wp-content\/uploads\/2013\/02\/foto-pasion-3.jpg\" title=\"\" rel=\"gallery1\"><img loading=\"lazy\" decoding=\"async\" src=\"https:\/\/www.elmundodelasemociones.es\/Weblog\/wp-content\/uploads\/2013\/02\/foto-pasion-3-125x125.jpg\" width=\"125\" height=\"125\" alt=\"El mundo de las emociones - Maryam Varela\" \/><\/a>\r\n<\/dt><dd class=\"gallery-caption\" id=\"caption1599\"><span class=\"imagedescription\">El mundo de las emociones - Maryam Varela<\/span><br \/>\n<\/dd><\/dl><br style=\"clear: both\" \/><dl class=\"gallery-item\">\n<dt class=\"gallery-icon\">\r\n<a href=\"https:\/\/www.elmundodelasemociones.es\/Weblog\/wp-content\/uploads\/2013\/02\/foto-pasion-4.jpg\" title=\"\" rel=\"gallery1\"><img loading=\"lazy\" decoding=\"async\" src=\"https:\/\/www.elmundodelasemociones.es\/Weblog\/wp-content\/uploads\/2013\/02\/foto-pasion-4-125x125.jpg\" width=\"125\" height=\"125\" alt=\"El mundo de las emociones - Maryam Varela\" \/><\/a>\r\n<\/dt><dd class=\"gallery-caption\" id=\"caption1600\"><span class=\"imagedescription\">El mundo de las emociones - Maryam Varela<\/span><br \/>\n<\/dd><\/dl><dl class=\"gallery-item\">\n<dt class=\"gallery-icon\">\r\n<a href=\"https:\/\/www.elmundodelasemociones.es\/Weblog\/wp-content\/uploads\/2013\/02\/foto-pasion-5.jpg\" title=\"\" rel=\"gallery1\"><img loading=\"lazy\" decoding=\"async\" src=\"https:\/\/www.elmundodelasemociones.es\/Weblog\/wp-content\/uploads\/2013\/02\/foto-pasion-5-125x125.jpg\" width=\"125\" height=\"125\" alt=\"El mundo de las emociones - Maryam Varela\" \/><\/a>\r\n<\/dt><dd class=\"gallery-caption\" id=\"caption1601\"><span class=\"imagedescription\">El mundo de las emociones - Maryam Varela<\/span><br \/>\n<\/dd><\/dl><br style=\"clear: both\" \/><dl class=\"gallery-item\">\n<dt class=\"gallery-icon\">\r\n<a href=\"https:\/\/www.elmundodelasemociones.es\/Weblog\/wp-content\/uploads\/2013\/02\/foto-pasion-6.jpg\" title=\"\" rel=\"gallery1\"><img loading=\"lazy\" decoding=\"async\" src=\"https:\/\/www.elmundodelasemociones.es\/Weblog\/wp-content\/uploads\/2013\/02\/foto-pasion-6-125x125.jpg\" width=\"125\" height=\"125\" alt=\"El mundo de las emociones - Maryam Varela\" \/><\/a>\r\n<\/dt><dd class=\"gallery-caption\" id=\"caption1602\"><span class=\"imagedescription\">El mundo de las emociones - Maryam Varela<\/span><br \/>\n<\/dd><\/dl><dl class=\"gallery-item\">\n<dt class=\"gallery-icon\">\r\n<a href=\"https:\/\/www.elmundodelasemociones.es\/Weblog\/wp-content\/uploads\/2013\/02\/foto-pasion-7.jpg\" title=\"\" rel=\"gallery1\"><img loading=\"lazy\" decoding=\"async\" src=\"https:\/\/www.elmundodelasemociones.es\/Weblog\/wp-content\/uploads\/2013\/02\/foto-pasion-7-125x125.jpg\" width=\"125\" height=\"125\" alt=\"El mundo de las emociones - Maryam Varela\" \/><\/a>\r\n<\/dt><dd class=\"gallery-caption\" id=\"caption1603\"><span class=\"imagedescription\">El mundo de las emociones - Maryam Varela<\/span><br \/>\n<\/dd><\/dl><br style=\"clear: both\" \/><dl class=\"gallery-item\">\n<dt class=\"gallery-icon\">\r\n<a href=\"https:\/\/www.elmundodelasemociones.es\/Weblog\/wp-content\/uploads\/2013\/02\/foto-pasion-8.jpg\" title=\"\" rel=\"gallery1\"><img loading=\"lazy\" decoding=\"async\" src=\"https:\/\/www.elmundodelasemociones.es\/Weblog\/wp-content\/uploads\/2013\/02\/foto-pasion-8-125x125.jpg\" width=\"125\" height=\"125\" alt=\"El mundo de las emociones - Maryam Varela\" \/><\/a>\r\n<\/dt><dd class=\"gallery-caption\" id=\"caption1604\"><span class=\"imagedescription\">El mundo de las emociones - Maryam Varela<\/span><br \/>\n<\/dd><\/dl><dl class=\"gallery-item\">\n<dt class=\"gallery-icon\">\r\n<a href=\"https:\/\/www.elmundodelasemociones.es\/Weblog\/wp-content\/uploads\/2013\/02\/foto-pasion-9.jpg\" title=\"\" rel=\"gallery1\"><img loading=\"lazy\" decoding=\"async\" src=\"https:\/\/www.elmundodelasemociones.es\/Weblog\/wp-content\/uploads\/2013\/02\/foto-pasion-9-125x125.jpg\" width=\"125\" height=\"125\" alt=\"El mundo de las emociones - Maryam Varela\" \/><\/a>\r\n<\/dt><dd class=\"gallery-caption\" id=\"caption1605\"><span class=\"imagedescription\">El mundo de las emociones - Maryam Varela<\/span><br \/>\n<\/dd><\/dl><br style=\"clear: both\" \/><dl class=\"gallery-item\">\n<dt class=\"gallery-icon\">\r\n<a href=\"https:\/\/www.elmundodelasemociones.es\/Weblog\/wp-content\/uploads\/2013\/02\/foto-pasion-10.jpg\" title=\"\" rel=\"gallery1\"><img loading=\"lazy\" decoding=\"async\" src=\"https:\/\/www.elmundodelasemociones.es\/Weblog\/wp-content\/uploads\/2013\/02\/foto-pasion-10-125x125.jpg\" width=\"125\" height=\"125\" alt=\"El mundo de las emociones - Maryam Varela\" \/><\/a>\r\n<\/dt><dd class=\"gallery-caption\" id=\"caption1606\"><span class=\"imagedescription\">El mundo de las emociones - Maryam Varela<\/span><br \/>\n<\/dd><\/dl><dl class=\"gallery-item\">\n<dt class=\"gallery-icon\">\r\n<a href=\"https:\/\/www.elmundodelasemociones.es\/Weblog\/wp-content\/uploads\/2013\/02\/foto-pasion-11.jpg\" title=\"\" rel=\"gallery1\"><img loading=\"lazy\" decoding=\"async\" src=\"https:\/\/www.elmundodelasemociones.es\/Weblog\/wp-content\/uploads\/2013\/02\/foto-pasion-11-125x125.jpg\" width=\"125\" height=\"125\" alt=\"El mundo de las emociones - Maryam Varela\" \/><\/a>\r\n<\/dt><dd class=\"gallery-caption\" id=\"caption1607\"><span class=\"imagedescription\">El mundo de las emociones - Maryam Varela<\/span><br \/>\n<\/dd><\/dl><br style=\"clear: both\" \/><dl class=\"gallery-item\">\n<dt class=\"gallery-icon\">\r\n<a href=\"https:\/\/www.elmundodelasemociones.es\/Weblog\/wp-content\/uploads\/2013\/02\/foto-pasion-12.jpg\" title=\"\" rel=\"gallery1\"><img loading=\"lazy\" decoding=\"async\" src=\"https:\/\/www.elmundodelasemociones.es\/Weblog\/wp-content\/uploads\/2013\/02\/foto-pasion-12-125x125.jpg\" width=\"125\" height=\"125\" alt=\"El mundo de las emociones - Maryam Varela\" \/><\/a>\r\n<\/dt><dd class=\"gallery-caption\" id=\"caption1608\"><span class=\"imagedescription\">El mundo de las emociones - Maryam Varela<\/span><br \/>\n<\/dd><\/dl><dl class=\"gallery-item\">\n<dt class=\"gallery-icon\">\r\n<a href=\"https:\/\/www.elmundodelasemociones.es\/Weblog\/wp-content\/uploads\/2013\/02\/foto-pasion-13.jpg\" title=\"\" rel=\"gallery1\"><img loading=\"lazy\" decoding=\"async\" src=\"https:\/\/www.elmundodelasemociones.es\/Weblog\/wp-content\/uploads\/2013\/02\/foto-pasion-13-125x125.jpg\" width=\"125\" height=\"125\" alt=\"El mundo de las emociones - Maryam Varela\" \/><\/a>\r\n<\/dt><dd class=\"gallery-caption\" id=\"caption1609\"><span class=\"imagedescription\">El mundo de las emociones - Maryam Varela<\/span><br \/>\n<\/dd><\/dl><br style=\"clear: both\" \/><dl class=\"gallery-item\">\n<dt class=\"gallery-icon\">\r\n<a href=\"https:\/\/www.elmundodelasemociones.es\/Weblog\/wp-content\/uploads\/2013\/02\/foto-pasion-14.jpg\" title=\"\" rel=\"gallery1\"><img loading=\"lazy\" decoding=\"async\" src=\"https:\/\/www.elmundodelasemociones.es\/Weblog\/wp-content\/uploads\/2013\/02\/foto-pasion-14-125x125.jpg\" width=\"125\" height=\"125\" alt=\"El mundo de las emociones - Maryam Varela\" \/><\/a>\r\n<\/dt><dd class=\"gallery-caption\" id=\"caption1610\"><span class=\"imagedescription\">El mundo de las emociones - Maryam Varela<\/span><br \/>\n<\/dd><\/dl><dl class=\"gallery-item\">\n<dt class=\"gallery-icon\">\r\n<a href=\"https:\/\/www.elmundodelasemociones.es\/Weblog\/wp-content\/uploads\/2013\/02\/foto-pasion-15.jpg\" title=\"\" rel=\"gallery1\"><img loading=\"lazy\" decoding=\"async\" src=\"https:\/\/www.elmundodelasemociones.es\/Weblog\/wp-content\/uploads\/2013\/02\/foto-pasion-15-125x125.jpg\" width=\"125\" height=\"125\" alt=\"El mundo de las emociones - Maryam Varela\" \/><\/a>\r\n<\/dt><dd class=\"gallery-caption\" id=\"caption1611\"><span class=\"imagedescription\">El mundo de las emociones - Maryam Varela<\/span><br \/>\n<\/dd><\/dl><br style=\"clear: both\" \/><dl class=\"gallery-item\">\n<dt class=\"gallery-icon\">\r\n<a href=\"https:\/\/www.elmundodelasemociones.es\/Weblog\/wp-content\/uploads\/2013\/02\/foto-pasion-16.jpg\" title=\"\" rel=\"gallery1\"><img loading=\"lazy\" decoding=\"async\" src=\"https:\/\/www.elmundodelasemociones.es\/Weblog\/wp-content\/uploads\/2013\/02\/foto-pasion-16-125x125.jpg\" width=\"125\" height=\"125\" alt=\"El mundo de las emociones - Maryam Varela\" \/><\/a>\r\n<\/dt><dd class=\"gallery-caption\" id=\"caption1612\"><span class=\"imagedescription\">El mundo de las emociones - Maryam Varela<\/span><br \/>\n<\/dd><\/dl><dl class=\"gallery-item\">\n<dt class=\"gallery-icon\">\r\n<a href=\"https:\/\/www.elmundodelasemociones.es\/Weblog\/wp-content\/uploads\/2013\/02\/foto-pasion-17.jpg\" title=\"\" rel=\"gallery1\"><img loading=\"lazy\" decoding=\"async\" src=\"https:\/\/www.elmundodelasemociones.es\/Weblog\/wp-content\/uploads\/2013\/02\/foto-pasion-17-125x125.jpg\" width=\"125\" height=\"125\" alt=\"El mundo de las emociones - Maryam Varela\" \/><\/a>\r\n<\/dt><dd class=\"gallery-caption\" id=\"caption1613\"><span class=\"imagedescription\">El mundo de las emociones - Maryam Varela<\/span><br \/>\n<\/dd><\/dl><br style=\"clear: both\" \/><dl class=\"gallery-item\">\n<dt class=\"gallery-icon\">\r\n<a href=\"https:\/\/www.elmundodelasemociones.es\/Weblog\/wp-content\/uploads\/2013\/03\/Maryam.jpg\" title=\"\" rel=\"gallery1\"><img loading=\"lazy\" decoding=\"async\" src=\"https:\/\/www.elmundodelasemociones.es\/Weblog\/wp-content\/uploads\/2013\/03\/Maryam-125x125.jpg\" width=\"125\" height=\"125\" alt=\"El mundo de las emociones - Maryam Varela\" \/><\/a>\r\n<\/dt><dd class=\"gallery-caption\" id=\"caption1643\"><span class=\"imagedescription\">El mundo de las emociones - Maryam Varela<\/span><br \/>\n<\/dd><\/dl><dl class=\"gallery-item\">\n<dt class=\"gallery-icon\">\r\n<a href=\"https:\/\/www.elmundodelasemociones.es\/Weblog\/wp-content\/uploads\/2013\/02\/11.jpg\" title=\"\" rel=\"gallery1\"><img loading=\"lazy\" decoding=\"async\" src=\"https:\/\/www.elmundodelasemociones.es\/Weblog\/wp-content\/uploads\/2013\/02\/11-125x125.jpg\" width=\"125\" height=\"125\" alt=\"El mundo de las emociones - Maryam Varela\" \/><\/a>\r\n<\/dt><dd class=\"gallery-caption\" id=\"caption1647\"><span class=\"imagedescription\">El mundo de las emociones - Maryam Varela<\/span><br \/>\n<\/dd><\/dl><br style=\"clear: both\" \/><dl class=\"gallery-item\">\n<dt class=\"gallery-icon\">\r\n<a href=\"https:\/\/www.elmundodelasemociones.es\/Weblog\/wp-content\/uploads\/2013\/02\/women-in-business-2012-1.jpg\" title=\"\" rel=\"gallery1\"><img loading=\"lazy\" decoding=\"async\" src=\"https:\/\/www.elmundodelasemociones.es\/Weblog\/wp-content\/uploads\/2013\/02\/women-in-business-2012-1-125x125.jpg\" width=\"125\" height=\"125\" alt=\"El mundo de las emociones - Maryam Varela\" \/><\/a>\r\n<\/dt><dd class=\"gallery-caption\" id=\"caption1614\"><span class=\"imagedescription\">El mundo de las emociones - Maryam Varela<\/span><br \/>\n<\/dd><\/dl><dl class=\"gallery-item\">\n<dt class=\"gallery-icon\">\r\n<a href=\"https:\/\/www.elmundodelasemociones.es\/Weblog\/wp-content\/uploads\/2013\/02\/women-in-business-2012-2.jpg\" title=\"\" rel=\"gallery1\"><img loading=\"lazy\" decoding=\"async\" src=\"https:\/\/www.elmundodelasemociones.es\/Weblog\/wp-content\/uploads\/2013\/02\/women-in-business-2012-2-125x125.jpg\" width=\"125\" height=\"125\" alt=\"El mundo de las emociones - Maryam Varela\" \/><\/a>\r\n<\/dt><dd class=\"gallery-caption\" id=\"caption1615\"><span class=\"imagedescription\">El mundo de las emociones - Maryam Varela<\/span><br \/>\n<\/dd><\/dl><br style=\"clear: both\" \/><dl class=\"gallery-item\">\n<dt class=\"gallery-icon\">\r\n<a href=\"https:\/\/www.elmundodelasemociones.es\/Weblog\/wp-content\/uploads\/2013\/02\/women-in-business-2012-3.jpg\" title=\"\" rel=\"gallery1\"><img loading=\"lazy\" decoding=\"async\" src=\"https:\/\/www.elmundodelasemociones.es\/Weblog\/wp-content\/uploads\/2013\/02\/women-in-business-2012-3-125x125.jpg\" width=\"125\" height=\"125\" alt=\"El mundo de las emociones - Maryam Varela\" \/><\/a>\r\n<\/dt><dd class=\"gallery-caption\" id=\"caption1616\"><span class=\"imagedescription\">El mundo de las emociones - Maryam Varela<\/span><br \/>\n<\/dd><\/dl><dl class=\"gallery-item\">\n<dt class=\"gallery-icon\">\r\n<a href=\"https:\/\/www.elmundodelasemociones.es\/Weblog\/wp-content\/uploads\/2013\/02\/women-in-business-2012-4.jpg\" title=\"\" rel=\"gallery1\"><img loading=\"lazy\" decoding=\"async\" src=\"https:\/\/www.elmundodelasemociones.es\/Weblog\/wp-content\/uploads\/2013\/02\/women-in-business-2012-4-125x125.jpg\" width=\"125\" height=\"125\" alt=\"El mundo de las emociones - Maryam Varela\" \/><\/a>\r\n<\/dt><dd class=\"gallery-caption\" id=\"caption1617\"><span class=\"imagedescription\">El mundo de las emociones - Maryam Varela<\/span><br \/>\n<\/dd><\/dl><br style=\"clear: both\" \/><dl class=\"gallery-item\">\n<dt class=\"gallery-icon\">\r\n<a href=\"https:\/\/www.elmundodelasemociones.es\/Weblog\/wp-content\/uploads\/2013\/02\/women-in-business-2012-5.jpg\" title=\"\" rel=\"gallery1\"><img loading=\"lazy\" decoding=\"async\" src=\"https:\/\/www.elmundodelasemociones.es\/Weblog\/wp-content\/uploads\/2013\/02\/women-in-business-2012-5-125x125.jpg\" width=\"125\" height=\"125\" alt=\"El mundo de las emociones - Maryam Varela\" \/><\/a>\r\n<\/dt><dd class=\"gallery-caption\" id=\"caption1618\"><span class=\"imagedescription\">El mundo de las emociones - Maryam Varela<\/span><br \/>\n<\/dd><\/dl><dl class=\"gallery-item\">\n<dt class=\"gallery-icon\">\r\n<a href=\"https:\/\/www.elmundodelasemociones.es\/Weblog\/wp-content\/uploads\/2013\/02\/women-in-business-2012-6.jpg\" title=\"\" rel=\"gallery1\"><img loading=\"lazy\" decoding=\"async\" src=\"https:\/\/www.elmundodelasemociones.es\/Weblog\/wp-content\/uploads\/2013\/02\/women-in-business-2012-6-125x125.jpg\" width=\"125\" height=\"125\" alt=\"El mundo de las emociones - Maryam Varela\" \/><\/a>\r\n<\/dt><dd class=\"gallery-caption\" id=\"caption1619\"><span class=\"imagedescription\">El mundo de las emociones - Maryam Varela<\/span><br \/>\n<\/dd><\/dl><br style=\"clear: both\" \/><dl class=\"gallery-item\">\n<dt class=\"gallery-icon\">\r\n<a href=\"https:\/\/www.elmundodelasemociones.es\/Weblog\/wp-content\/uploads\/2013\/02\/women-in-business-2012-7.jpg\" title=\"\" rel=\"gallery1\"><img loading=\"lazy\" decoding=\"async\" src=\"https:\/\/www.elmundodelasemociones.es\/Weblog\/wp-content\/uploads\/2013\/02\/women-in-business-2012-7-125x125.jpg\" width=\"125\" height=\"125\" alt=\"El mundo de las emociones - Maryam Varela\" \/><\/a>\r\n<\/dt><dd class=\"gallery-caption\" id=\"caption1620\"><span class=\"imagedescription\">El mundo de las emociones - Maryam Varela<\/span><br \/>\n<\/dd><\/dl><dl class=\"gallery-item\">\n<dt class=\"gallery-icon\">\r\n<a href=\"https:\/\/www.elmundodelasemociones.es\/Weblog\/wp-content\/uploads\/2013\/02\/women-in-business-2012-8.jpg\" title=\"\" rel=\"gallery1\"><img loading=\"lazy\" decoding=\"async\" src=\"https:\/\/www.elmundodelasemociones.es\/Weblog\/wp-content\/uploads\/2013\/02\/women-in-business-2012-8-125x125.jpg\" width=\"125\" height=\"125\" alt=\"El mundo de las emociones - Maryam Varela\" \/><\/a>\r\n<\/dt><dd class=\"gallery-caption\" id=\"caption1621\"><span class=\"imagedescription\">El mundo de las emociones - Maryam Varela<\/span><br \/>\n<\/dd><\/dl><br style=\"clear: both\" \/><dl class=\"gallery-item\">\n<dt class=\"gallery-icon\">\r\n<a href=\"https:\/\/www.elmundodelasemociones.es\/Weblog\/wp-content\/uploads\/2013\/02\/women-in-business-2012-9.jpg\" title=\"\" rel=\"gallery1\"><img loading=\"lazy\" decoding=\"async\" src=\"https:\/\/www.elmundodelasemociones.es\/Weblog\/wp-content\/uploads\/2013\/02\/women-in-business-2012-9-125x125.jpg\" width=\"125\" height=\"125\" alt=\"El mundo de las emociones - Maryam Varela\" \/><\/a>\r\n<\/dt><dd class=\"gallery-caption\" id=\"caption1622\"><span class=\"imagedescription\">El mundo de las emociones - Maryam Varela<\/span><br \/>\n<\/dd><\/dl><dl class=\"gallery-item\">\n<dt class=\"gallery-icon\">\r\n<a href=\"https:\/\/www.elmundodelasemociones.es\/Weblog\/wp-content\/uploads\/2013\/02\/21.jpg\" title=\"\" rel=\"gallery1\"><img loading=\"lazy\" decoding=\"async\" src=\"https:\/\/www.elmundodelasemociones.es\/Weblog\/wp-content\/uploads\/2013\/02\/21-125x125.jpg\" width=\"125\" height=\"125\" alt=\"El mundo de las emociones - Maryam Varela\" \/><\/a>\r\n<\/dt><dd class=\"gallery-caption\" id=\"caption1648\"><span class=\"imagedescription\">El mundo de las emociones - Maryam Varela<\/span><br \/>\n<\/dd><\/dl><br style=\"clear: both\" \/><dl class=\"gallery-item\">\n<dt class=\"gallery-icon\">\r\n<a href=\"https:\/\/www.elmundodelasemociones.es\/Weblog\/wp-content\/uploads\/2013\/02\/31.jpg\" title=\"\" rel=\"gallery1\"><img loading=\"lazy\" decoding=\"async\" src=\"https:\/\/www.elmundodelasemociones.es\/Weblog\/wp-content\/uploads\/2013\/02\/31-125x125.jpg\" width=\"125\" height=\"125\" alt=\"El mundo de las emociones - Maryam Varela\" \/><\/a>\r\n<\/dt><dd class=\"gallery-caption\" id=\"caption1649\"><span class=\"imagedescription\">El mundo de las emociones - Maryam Varela<\/span><br \/>\n<\/dd><\/dl><dl class=\"gallery-item\">\n<dt class=\"gallery-icon\">\r\n<a href=\"https:\/\/www.elmundodelasemociones.es\/Weblog\/wp-content\/uploads\/2013\/02\/41.jpg\" title=\"\" rel=\"gallery1\"><img loading=\"lazy\" decoding=\"async\" src=\"https:\/\/www.elmundodelasemociones.es\/Weblog\/wp-content\/uploads\/2013\/02\/41-125x125.jpg\" width=\"125\" height=\"125\" alt=\"El mundo de las emociones - Maryam Varela\" \/><\/a>\r\n<\/dt><dd class=\"gallery-caption\" id=\"caption1650\"><span class=\"imagedescription\">El mundo de las emociones - Maryam Varela<\/span><br \/>\n<\/dd><\/dl><br style=\"clear: both\" \/><dl class=\"gallery-item\">\n<dt class=\"gallery-icon\">\r\n<a href=\"https:\/\/www.elmundodelasemociones.es\/Weblog\/wp-content\/uploads\/2013\/02\/51.jpg\" title=\"\" rel=\"gallery1\"><img loading=\"lazy\" decoding=\"async\" src=\"https:\/\/www.elmundodelasemociones.es\/Weblog\/wp-content\/uploads\/2013\/02\/51-125x125.jpg\" width=\"125\" height=\"125\" alt=\"El mundo de las emociones - Maryam Varela\" \/><\/a>\r\n<\/dt><dd class=\"gallery-caption\" id=\"caption1651\"><span class=\"imagedescription\">El mundo de las emociones - Maryam Varela<\/span><br \/>\n<\/dd><\/dl><dl class=\"gallery-item\">\n<dt class=\"gallery-icon\">\r\n<a href=\"https:\/\/www.elmundodelasemociones.es\/Weblog\/wp-content\/uploads\/2013\/02\/61.jpg\" title=\"\" rel=\"gallery1\"><img loading=\"lazy\" decoding=\"async\" src=\"https:\/\/www.elmundodelasemociones.es\/Weblog\/wp-content\/uploads\/2013\/02\/61-125x125.jpg\" width=\"125\" height=\"125\" alt=\"El mundo de las emociones - Maryam Varela\" \/><\/a>\r\n<\/dt><dd class=\"gallery-caption\" id=\"caption1652\"><span class=\"imagedescription\">El mundo de las emociones - Maryam Varela<\/span><br \/>\n<\/dd><\/dl><br style=\"clear: both\" \/><dl class=\"gallery-item\">\n<dt class=\"gallery-icon\">\r\n<a href=\"https:\/\/www.elmundodelasemociones.es\/Weblog\/wp-content\/uploads\/2013\/02\/71.jpg\" title=\"\" rel=\"gallery1\"><img loading=\"lazy\" decoding=\"async\" src=\"https:\/\/www.elmundodelasemociones.es\/Weblog\/wp-content\/uploads\/2013\/02\/71-125x125.jpg\" width=\"125\" height=\"125\" alt=\"El mundo de las emociones - Maryam Varela\" \/><\/a>\r\n<\/dt><dd class=\"gallery-caption\" id=\"caption1653\"><span class=\"imagedescription\">El mundo de las emociones - Maryam Varela<\/span><br \/>\n<\/dd><\/dl><dl class=\"gallery-item\">\n<dt class=\"gallery-icon\">\r\n<a href=\"https:\/\/www.elmundodelasemociones.es\/Weblog\/wp-content\/uploads\/2013\/02\/81.jpg\" title=\"\" rel=\"gallery1\"><img loading=\"lazy\" decoding=\"async\" src=\"https:\/\/www.elmundodelasemociones.es\/Weblog\/wp-content\/uploads\/2013\/02\/81-125x125.jpg\" width=\"125\" height=\"125\" alt=\"El mundo de las emociones - Maryam Varela\" \/><\/a>\r\n<\/dt><dd class=\"gallery-caption\" id=\"caption1654\"><span class=\"imagedescription\">El mundo de las emociones - Maryam Varela<\/span><br \/>\n<\/dd><\/dl><br style=\"clear: both\" \/><dl class=\"gallery-item\">\n<dt class=\"gallery-icon\">\r\n<a href=\"https:\/\/www.elmundodelasemociones.es\/Weblog\/wp-content\/uploads\/2013\/02\/91.jpg\" title=\"\" rel=\"gallery1\"><img loading=\"lazy\" decoding=\"async\" src=\"https:\/\/www.elmundodelasemociones.es\/Weblog\/wp-content\/uploads\/2013\/02\/91-125x125.jpg\" width=\"125\" height=\"125\" alt=\"El mundo de las emociones - Maryam Varela\" \/><\/a>\r\n<\/dt><dd class=\"gallery-caption\" id=\"caption1655\"><span class=\"imagedescription\">El mundo de las emociones - Maryam Varela<\/span><br \/>\n<\/dd><\/dl><dl class=\"gallery-item\">\n<dt class=\"gallery-icon\">\r\n<a href=\"https:\/\/www.elmundodelasemociones.es\/Weblog\/wp-content\/uploads\/2013\/02\/10.jpg\" title=\"\" rel=\"gallery1\"><img loading=\"lazy\" decoding=\"async\" src=\"https:\/\/www.elmundodelasemociones.es\/Weblog\/wp-content\/uploads\/2013\/02\/10-125x125.jpg\" width=\"125\" height=\"125\" alt=\"El mundo de las emociones - Maryam Varela\" \/><\/a>\r\n<\/dt><dd class=\"gallery-caption\" id=\"caption1656\"><span class=\"imagedescription\">El mundo de las emociones - Maryam Varela<\/span><br \/>\n<\/dd><\/dl><br style=\"clear: both\" \/><dl class=\"gallery-item\">\n<dt class=\"gallery-icon\">\r\n<a href=\"https:\/\/www.elmundodelasemociones.es\/Weblog\/wp-content\/uploads\/2013\/02\/111.jpg\" title=\"\" rel=\"gallery1\"><img loading=\"lazy\" decoding=\"async\" src=\"https:\/\/www.elmundodelasemociones.es\/Weblog\/wp-content\/uploads\/2013\/02\/111-125x125.jpg\" width=\"125\" height=\"125\" alt=\"El mundo de las emociones - Maryam Varela\" \/><\/a>\r\n<\/dt><dd class=\"gallery-caption\" id=\"caption1657\"><span class=\"imagedescription\">El mundo de las emociones - Maryam Varela<\/span><br \/>\n<\/dd><\/dl><dl class=\"gallery-item\">\n<dt class=\"gallery-icon\">\r\n<a href=\"https:\/\/www.elmundodelasemociones.es\/Weblog\/wp-content\/uploads\/2013\/02\/12.jpg\" title=\"\" rel=\"gallery1\"><img loading=\"lazy\" decoding=\"async\" src=\"https:\/\/www.elmundodelasemociones.es\/Weblog\/wp-content\/uploads\/2013\/02\/12-125x125.jpg\" width=\"125\" height=\"125\" alt=\"El mundo de las emociones - Maryam Varela\" \/><\/a>\r\n<\/dt><dd class=\"gallery-caption\" id=\"caption1658\"><span class=\"imagedescription\">El mundo de las emociones - Maryam Varela<\/span><br \/>\n<\/dd><\/dl><br style=\"clear: both\" \/><dl class=\"gallery-item\">\n<dt class=\"gallery-icon\">\r\n<a href=\"https:\/\/www.elmundodelasemociones.es\/Weblog\/wp-content\/uploads\/2013\/02\/13.jpg\" title=\"\" rel=\"gallery1\"><img loading=\"lazy\" decoding=\"async\" src=\"https:\/\/www.elmundodelasemociones.es\/Weblog\/wp-content\/uploads\/2013\/02\/13-125x125.jpg\" width=\"125\" height=\"125\" alt=\"El mundo de las emociones - Maryam Varela\" \/><\/a>\r\n<\/dt><dd class=\"gallery-caption\" id=\"caption1659\"><span class=\"imagedescription\">El mundo de las emociones - Maryam Varela<\/span><br \/>\n<\/dd><\/dl><dl class=\"gallery-item\">\n<dt class=\"gallery-icon\">\r\n<a href=\"https:\/\/www.elmundodelasemociones.es\/Weblog\/wp-content\/uploads\/2013\/02\/14.jpg\" title=\"\" rel=\"gallery1\"><img loading=\"lazy\" decoding=\"async\" src=\"https:\/\/www.elmundodelasemociones.es\/Weblog\/wp-content\/uploads\/2013\/02\/14-125x125.jpg\" width=\"125\" height=\"125\" alt=\"El mundo de las emociones - Maryam Varela\" \/><\/a>\r\n<\/dt><dd class=\"gallery-caption\" id=\"caption1660\"><span class=\"imagedescription\">El mundo de las emociones - Maryam Varela<\/span><br \/>\n<\/dd><\/dl><br style=\"clear: both\" \/><dl class=\"gallery-item\">\n<dt class=\"gallery-icon\">\r\n<a href=\"https:\/\/www.elmundodelasemociones.es\/Weblog\/wp-content\/uploads\/2013\/02\/15.jpg\" title=\"\" rel=\"gallery1\"><img loading=\"lazy\" decoding=\"async\" src=\"https:\/\/www.elmundodelasemociones.es\/Weblog\/wp-content\/uploads\/2013\/02\/15-125x125.jpg\" width=\"125\" height=\"125\" alt=\"El mundo de las emociones - Maryam Varela\" \/><\/a>\r\n<\/dt><dd class=\"gallery-caption\" id=\"caption1661\"><span class=\"imagedescription\">El mundo de las emociones - Maryam Varela<\/span><br \/>\n<\/dd><\/dl><dl class=\"gallery-item\">\n<dt class=\"gallery-icon\">\r\n<a href=\"https:\/\/www.elmundodelasemociones.es\/Weblog\/wp-content\/uploads\/2013\/02\/16.jpg\" title=\"\" rel=\"gallery1\"><img loading=\"lazy\" decoding=\"async\" src=\"https:\/\/www.elmundodelasemociones.es\/Weblog\/wp-content\/uploads\/2013\/02\/16-125x125.jpg\" width=\"125\" height=\"125\" alt=\"El mundo de las emociones - Maryam Varela\" \/><\/a>\r\n<\/dt><dd class=\"gallery-caption\" id=\"caption1662\"><span class=\"imagedescription\">El mundo de las emociones - Maryam Varela<\/span><br \/>\n<\/dd><\/dl><br style=\"clear: both\" \/><dl class=\"gallery-item\">\n<dt class=\"gallery-icon\">\r\n<a href=\"https:\/\/www.elmundodelasemociones.es\/Weblog\/wp-content\/uploads\/2013\/02\/22.jpg\" title=\"\" rel=\"gallery1\"><img loading=\"lazy\" decoding=\"async\" src=\"https:\/\/www.elmundodelasemociones.es\/Weblog\/wp-content\/uploads\/2013\/02\/22-125x125.jpg\" width=\"125\" height=\"125\" alt=\"El mundo de las emociones - Maryam Varela\" \/><\/a>\r\n<\/dt><dd class=\"gallery-caption\" id=\"caption1663\"><span class=\"imagedescription\">El mundo de las emociones - Maryam Varela<\/span><br \/>\n<\/dd><\/dl><dl class=\"gallery-item\">\n<dt class=\"gallery-icon\">\r\n<a href=\"https:\/\/www.elmundodelasemociones.es\/Weblog\/wp-content\/uploads\/2013\/02\/32.jpg\" title=\"\" rel=\"gallery1\"><img loading=\"lazy\" decoding=\"async\" src=\"https:\/\/www.elmundodelasemociones.es\/Weblog\/wp-content\/uploads\/2013\/02\/32-125x125.jpg\" width=\"125\" height=\"125\" alt=\"El mundo de las emociones - Maryam Varela\" \/><\/a>\r\n<\/dt><dd class=\"gallery-caption\" id=\"caption1664\"><span class=\"imagedescription\">El mundo de las emociones - Maryam Varela<\/span><br \/>\n<\/dd><\/dl><br style=\"clear: both\" \/><dl class=\"gallery-item\">\n<dt class=\"gallery-icon\">\r\n<a href=\"https:\/\/www.elmundodelasemociones.es\/Weblog\/wp-content\/uploads\/2013\/02\/42.jpg\" title=\"\" rel=\"gallery1\"><img loading=\"lazy\" decoding=\"async\" src=\"https:\/\/www.elmundodelasemociones.es\/Weblog\/wp-content\/uploads\/2013\/02\/42-125x125.jpg\" width=\"125\" height=\"125\" alt=\"El mundo de las emociones - Maryam Varela\" \/><\/a>\r\n<\/dt><dd class=\"gallery-caption\" id=\"caption1665\"><span class=\"imagedescription\">El mundo de las emociones - Maryam Varela<\/span><br \/>\n<\/dd><\/dl><dl class=\"gallery-item\">\n<dt class=\"gallery-icon\">\r\n<a href=\"https:\/\/www.elmundodelasemociones.es\/Weblog\/wp-content\/uploads\/2013\/02\/52.jpg\" title=\"\" rel=\"gallery1\"><img loading=\"lazy\" decoding=\"async\" src=\"https:\/\/www.elmundodelasemociones.es\/Weblog\/wp-content\/uploads\/2013\/02\/52-125x125.jpg\" width=\"125\" height=\"125\" alt=\"El mundo de las emociones - Maryam Varela\" \/><\/a>\r\n<\/dt><dd class=\"gallery-caption\" id=\"caption1666\"><span class=\"imagedescription\">El mundo de las emociones - Maryam Varela<\/span><br \/>\n<\/dd><\/dl><br style=\"clear: both\" \/><dl class=\"gallery-item\">\n<dt class=\"gallery-icon\">\r\n<a href=\"https:\/\/www.elmundodelasemociones.es\/Weblog\/wp-content\/uploads\/2013\/02\/62.jpg\" title=\"\" rel=\"gallery1\"><img loading=\"lazy\" decoding=\"async\" src=\"https:\/\/www.elmundodelasemociones.es\/Weblog\/wp-content\/uploads\/2013\/02\/62-125x125.jpg\" width=\"125\" height=\"125\" alt=\"El mundo de las emociones - Maryam Varela\" \/><\/a>\r\n<\/dt><dd class=\"gallery-caption\" id=\"caption1667\"><span class=\"imagedescription\">El mundo de las emociones - Maryam Varela<\/span><br \/>\n<\/dd><\/dl><dl class=\"gallery-item\">\n<dt class=\"gallery-icon\">\r\n<a href=\"https:\/\/www.elmundodelasemociones.es\/Weblog\/wp-content\/uploads\/2013\/02\/72.jpg\" title=\"\" rel=\"gallery1\"><img loading=\"lazy\" decoding=\"async\" src=\"https:\/\/www.elmundodelasemociones.es\/Weblog\/wp-content\/uploads\/2013\/02\/72-125x125.jpg\" width=\"125\" height=\"125\" alt=\"El mundo de las emociones - Maryam Varela\" \/><\/a>\r\n<\/dt><dd class=\"gallery-caption\" id=\"caption1668\"><span class=\"imagedescription\">El mundo de las emociones - Maryam Varela<\/span><br \/>\n<\/dd><\/dl><br style=\"clear: both\" \/><dl class=\"gallery-item\">\n<dt class=\"gallery-icon\">\r\n<a href=\"https:\/\/www.elmundodelasemociones.es\/Weblog\/wp-content\/uploads\/2013\/02\/82.jpg\" title=\"\" rel=\"gallery1\"><img loading=\"lazy\" decoding=\"async\" src=\"https:\/\/www.elmundodelasemociones.es\/Weblog\/wp-content\/uploads\/2013\/02\/82-125x125.jpg\" width=\"125\" height=\"125\" alt=\"El mundo de las emociones - Maryam Varela\" \/><\/a>\r\n<\/dt><dd class=\"gallery-caption\" id=\"caption1669\"><span class=\"imagedescription\">El mundo de las emociones - Maryam Varela<\/span><br \/>\n<\/dd><\/dl><dl class=\"gallery-item\">\n<dt class=\"gallery-icon\">\r\n<a href=\"https:\/\/www.elmundodelasemociones.es\/Weblog\/wp-content\/uploads\/2013\/02\/92.jpg\" title=\"\" rel=\"gallery1\"><img loading=\"lazy\" decoding=\"async\" src=\"https:\/\/www.elmundodelasemociones.es\/Weblog\/wp-content\/uploads\/2013\/02\/92-125x125.jpg\" width=\"125\" height=\"125\" alt=\"El mundo de las emociones - Maryam Varela\" \/><\/a>\r\n<\/dt><dd class=\"gallery-caption\" id=\"caption1670\"><span class=\"imagedescription\">El mundo de las emociones - Maryam Varela<\/span><br \/>\n<\/dd><\/dl><br style=\"clear: both\" \/><dl class=\"gallery-item\">\n<dt class=\"gallery-icon\">\r\n<a href=\"https:\/\/www.elmundodelasemociones.es\/Weblog\/wp-content\/uploads\/2013\/02\/101.jpg\" title=\"\" rel=\"gallery1\"><img loading=\"lazy\" decoding=\"async\" src=\"https:\/\/www.elmundodelasemociones.es\/Weblog\/wp-content\/uploads\/2013\/02\/101-125x125.jpg\" width=\"125\" height=\"125\" alt=\"El mundo de las emociones - Maryam Varela\" \/><\/a>\r\n<\/dt><dd class=\"gallery-caption\" id=\"caption1671\"><span class=\"imagedescription\">El mundo de las emociones - Maryam Varela<\/span><br \/>\n<\/dd><\/dl><dl class=\"gallery-item\">\n<dt class=\"gallery-icon\">\r\n<a href=\"https:\/\/www.elmundodelasemociones.es\/Weblog\/wp-content\/uploads\/2013\/02\/112.jpg\" title=\"\" rel=\"gallery1\"><img loading=\"lazy\" decoding=\"async\" src=\"https:\/\/www.elmundodelasemociones.es\/Weblog\/wp-content\/uploads\/2013\/02\/112-125x125.jpg\" width=\"125\" height=\"125\" alt=\"El mundo de las emociones - Maryam Varela\" \/><\/a>\r\n<\/dt><dd class=\"gallery-caption\" id=\"caption1672\"><span class=\"imagedescription\">El mundo de las emociones - Maryam Varela<\/span><br \/>\n<\/dd><\/dl><br style=\"clear: both\" \/><dl class=\"gallery-item\">\n<dt class=\"gallery-icon\">\r\n<a href=\"https:\/\/www.elmundodelasemociones.es\/Weblog\/wp-content\/uploads\/2013\/10\/foto-maryam-octubre-2.jpg\" title=\"\" rel=\"gallery1\"><img loading=\"lazy\" decoding=\"async\" src=\"https:\/\/www.elmundodelasemociones.es\/Weblog\/wp-content\/uploads\/2013\/10\/foto-maryam-octubre-2-125x125.jpg\" width=\"125\" height=\"125\" alt=\"El mundo de las emociones - Maryam Varela\" \/><\/a>\r\n<\/dt><dd class=\"gallery-caption\" id=\"caption1906\"><span class=\"imagedescription\">El mundo de las emociones - Maryam Varela<\/span><br \/>\n<\/dd><\/dl><dl class=\"gallery-item\">\n<dt class=\"gallery-icon\">\r\n<a href=\"https:\/\/www.elmundodelasemociones.es\/Weblog\/wp-content\/uploads\/2013\/10\/foto-maryam-octubre.jpg\" title=\"\" rel=\"gallery1\"><img loading=\"lazy\" decoding=\"async\" src=\"https:\/\/www.elmundodelasemociones.es\/Weblog\/wp-content\/uploads\/2013\/10\/foto-maryam-octubre-125x125.jpg\" width=\"125\" height=\"125\" alt=\"\" \/><\/a>\r\n<\/dt><dd class=\"gallery-caption\" id=\"caption1905\"><span class=\"imagedescription\">El mundo de las emociones - Maryam Varela<\/span><br \/>\n<\/dd><\/dl><br style=\"clear: both\" \/><dl class=\"gallery-item\">\n<dt class=\"gallery-icon\">\r\n<a href=\"https:\/\/www.elmundodelasemociones.es\/Weblog\/wp-content\/uploads\/2013\/10\/entrevisa-telemadrid.png\" title=\"\" rel=\"gallery1\"><img loading=\"lazy\" decoding=\"async\" src=\"https:\/\/www.elmundodelasemociones.es\/Weblog\/wp-content\/uploads\/2013\/10\/entrevisa-telemadrid-125x125.png\" width=\"125\" height=\"125\" alt=\"El mundo de las emociones - Maryam Varela\" \/><\/a>\r\n<\/dt><dd class=\"gallery-caption\" id=\"caption1926\"><span class=\"imagedescription\">El mundo de las emociones - Maryam Varela<\/span><br \/>\n<\/dd><\/dl><dl class=\"gallery-item\">\n<dt class=\"gallery-icon\">\r\n<a href=\"https:\/\/www.elmundodelasemociones.es\/Weblog\/wp-content\/uploads\/2013\/10\/entrevisa-telemadrid-2.png\" title=\"\" rel=\"gallery1\"><img loading=\"lazy\" decoding=\"async\" src=\"https:\/\/www.elmundodelasemociones.es\/Weblog\/wp-content\/uploads\/2013\/10\/entrevisa-telemadrid-2-125x125.png\" width=\"125\" height=\"125\" alt=\"El mundo de las emociones - Maryam Varela\" \/><\/a>\r\n<\/dt><dd class=\"gallery-caption\" id=\"caption1925\"><span class=\"imagedescription\">El mundo de las emociones - Maryam Varela<\/span><br \/>\n<\/dd><\/dl><br style=\"clear: both\" \/><dl class=\"gallery-item\">\n<dt class=\"gallery-icon\">\r\n<a href=\"https:\/\/www.elmundodelasemociones.es\/Weblog\/wp-content\/uploads\/2013\/02\/Maryam-Varela-230214.png\" title=\"\" rel=\"gallery1\"><img loading=\"lazy\" decoding=\"async\" src=\"https:\/\/www.elmundodelasemociones.es\/Weblog\/wp-content\/uploads\/2013\/02\/Maryam-Varela-230214-125x125.png\" width=\"125\" height=\"125\" alt=\"Maryam Varela\" \/><\/a>\r\n<\/dt><\/dl><dl class=\"gallery-item\">\n<dt class=\"gallery-icon\">\r\n<a href=\"https:\/\/www.elmundodelasemociones.es\/Weblog\/wp-content\/uploads\/2013\/02\/Maryam-BHD-1.png\" title=\"\" rel=\"gallery1\"><img loading=\"lazy\" decoding=\"async\" src=\"https:\/\/www.elmundodelasemociones.es\/Weblog\/wp-content\/uploads\/2013\/02\/Maryam-BHD-1-125x125.png\" width=\"125\" height=\"125\" alt=\"\" \/><\/a>\r\n<\/dt><\/dl><br style=\"clear: both\" \/><dl class=\"gallery-item\">\n<dt class=\"gallery-icon\">\r\n<a href=\"https:\/\/www.elmundodelasemociones.es\/Weblog\/wp-content\/uploads\/2013\/02\/Maryam-BHD-2.png\" title=\"\" rel=\"gallery1\"><img loading=\"lazy\" decoding=\"async\" src=\"https:\/\/www.elmundodelasemociones.es\/Weblog\/wp-content\/uploads\/2013\/02\/Maryam-BHD-2-125x125.png\" width=\"125\" height=\"125\" alt=\"\" \/><\/a>\r\n<\/dt><\/dl><dl class=\"gallery-item\">\n<dt class=\"gallery-icon\">\r\n<a href=\"https:\/\/www.elmundodelasemociones.es\/Weblog\/wp-content\/uploads\/2013\/02\/B_MG_5358.png\" title=\"\" rel=\"gallery1\"><img loading=\"lazy\" decoding=\"async\" src=\"https:\/\/www.elmundodelasemociones.es\/Weblog\/wp-content\/uploads\/2013\/02\/B_MG_5358-125x125.png\" width=\"125\" height=\"125\" alt=\"Maryam Varela\" \/><\/a>\r\n<\/dt><\/dl><br style=\"clear: both\" \/><dl class=\"gallery-item\">\n<dt class=\"gallery-icon\">\r\n<a href=\"https:\/\/www.elmundodelasemociones.es\/Weblog\/wp-content\/uploads\/2013\/02\/B_MG_5366.png\" title=\"\" rel=\"gallery1\"><img loading=\"lazy\" decoding=\"async\" src=\"https:\/\/www.elmundodelasemociones.es\/Weblog\/wp-content\/uploads\/2013\/02\/B_MG_5366-125x125.png\" width=\"125\" height=\"125\" alt=\"Maryam Varela\" \/><\/a>\r\n<\/dt><\/dl><dl class=\"gallery-item\">\n<dt class=\"gallery-icon\">\r\n<a href=\"https:\/\/www.elmundodelasemociones.es\/Weblog\/wp-content\/uploads\/2013\/02\/B_MG_5368.png\" title=\"\" rel=\"gallery1\"><img loading=\"lazy\" decoding=\"async\" src=\"https:\/\/www.elmundodelasemociones.es\/Weblog\/wp-content\/uploads\/2013\/02\/B_MG_5368-125x125.png\" width=\"125\" height=\"125\" alt=\"Maryam Varela\" \/><\/a>\r\n<\/dt><\/dl><br style=\"clear: both\" \/><dl class=\"gallery-item\">\n<dt class=\"gallery-icon\">\r\n<a href=\"https:\/\/www.elmundodelasemociones.es\/Weblog\/wp-content\/uploads\/2013\/02\/B_MG_5372.png\" title=\"\" rel=\"gallery1\"><img loading=\"lazy\" decoding=\"async\" src=\"https:\/\/www.elmundodelasemociones.es\/Weblog\/wp-content\/uploads\/2013\/02\/B_MG_5372-125x125.png\" width=\"125\" height=\"125\" alt=\"Maryam Varela\" \/><\/a>\r\n<\/dt><\/dl><dl class=\"gallery-item\">\n<dt class=\"gallery-icon\">\r\n<a href=\"https:\/\/www.elmundodelasemociones.es\/Weblog\/wp-content\/uploads\/2013\/02\/taller-mentoras-1.png\" title=\"\" rel=\"gallery1\"><img loading=\"lazy\" decoding=\"async\" src=\"https:\/\/www.elmundodelasemociones.es\/Weblog\/wp-content\/uploads\/2013\/02\/taller-mentoras-1-125x125.png\" width=\"125\" height=\"125\" alt=\"\" \/><\/a>\r\n<\/dt><\/dl><br style=\"clear: both\" \/><dl class=\"gallery-item\">\n<dt class=\"gallery-icon\">\r\n<a href=\"https:\/\/www.elmundodelasemociones.es\/Weblog\/wp-content\/uploads\/2013\/02\/taller-mentoras-2.png\" title=\"\" rel=\"gallery1\"><img loading=\"lazy\" decoding=\"async\" src=\"https:\/\/www.elmundodelasemociones.es\/Weblog\/wp-content\/uploads\/2013\/02\/taller-mentoras-2-125x125.png\" width=\"125\" height=\"125\" alt=\"\" \/><\/a>\r\n<\/dt><\/dl><dl class=\"gallery-item\">\n<dt class=\"gallery-icon\">\r\n<a href=\"https:\/\/www.elmundodelasemociones.es\/Weblog\/wp-content\/uploads\/2013\/02\/y0018.png\" title=\"\" rel=\"gallery1\"><img loading=\"lazy\" decoding=\"async\" src=\"https:\/\/www.elmundodelasemociones.es\/Weblog\/wp-content\/uploads\/2013\/02\/y0018-125x125.png\" width=\"125\" height=\"125\" alt=\"\" \/><\/a>\r\n<\/dt><\/dl><br style=\"clear: both\" \/><dl class=\"gallery-item\">\n<dt class=\"gallery-icon\">\r\n<a href=\"https:\/\/www.elmundodelasemociones.es\/Weblog\/wp-content\/uploads\/2013\/02\/y0037.png\" title=\"\" rel=\"gallery1\"><img loading=\"lazy\" decoding=\"async\" src=\"https:\/\/www.elmundodelasemociones.es\/Weblog\/wp-content\/uploads\/2013\/02\/y0037-125x125.png\" width=\"125\" height=\"125\" alt=\"\" \/><\/a>\r\n<\/dt><\/dl><dl class=\"gallery-item\">\n<dt class=\"gallery-icon\">\r\n<a href=\"https:\/\/www.elmundodelasemociones.es\/Weblog\/wp-content\/uploads\/2013\/02\/y0045.png\" title=\"\" rel=\"gallery1\"><img loading=\"lazy\" decoding=\"async\" src=\"https:\/\/www.elmundodelasemociones.es\/Weblog\/wp-content\/uploads\/2013\/02\/y0045-125x125.png\" width=\"125\" height=\"125\" alt=\"\" \/><\/a>\r\n<\/dt><\/dl><br style=\"clear: both\" \/><dl class=\"gallery-item\">\n<dt class=\"gallery-icon\">\r\n<a href=\"https:\/\/www.elmundodelasemociones.es\/Weblog\/wp-content\/uploads\/2013\/02\/y0060.png\" title=\"\" rel=\"gallery1\"><img loading=\"lazy\" decoding=\"async\" src=\"https:\/\/www.elmundodelasemociones.es\/Weblog\/wp-content\/uploads\/2013\/02\/y0060-125x125.png\" width=\"125\" height=\"125\" alt=\"\" \/><\/a>\r\n<\/dt><\/dl><dl class=\"gallery-item\">\n<dt class=\"gallery-icon\">\r\n<a href=\"https:\/\/www.elmundodelasemociones.es\/Weblog\/wp-content\/uploads\/2013\/02\/y0063.png\" title=\"\" rel=\"gallery1\"><img loading=\"lazy\" decoding=\"async\" src=\"https:\/\/www.elmundodelasemociones.es\/Weblog\/wp-content\/uploads\/2013\/02\/y0063-125x125.png\" width=\"125\" height=\"125\" alt=\"\" \/><\/a>\r\n<\/dt><\/dl><br style=\"clear: both\" \/><dl class=\"gallery-item\">\n<dt class=\"gallery-icon\">\r\n<a href=\"https:\/\/www.elmundodelasemociones.es\/Weblog\/wp-content\/uploads\/2013\/02\/y0066.png\" title=\"\" rel=\"gallery1\"><img loading=\"lazy\" decoding=\"async\" src=\"https:\/\/www.elmundodelasemociones.es\/Weblog\/wp-content\/uploads\/2013\/02\/y0066-125x125.png\" width=\"125\" height=\"125\" alt=\"\" \/><\/a>\r\n<\/dt><\/dl><dl class=\"gallery-item\">\n<dt class=\"gallery-icon\">\r\n<a href=\"https:\/\/www.elmundodelasemociones.es\/Weblog\/wp-content\/uploads\/2013\/02\/y0069.png\" title=\"\" rel=\"gallery1\"><img loading=\"lazy\" decoding=\"async\" src=\"https:\/\/www.elmundodelasemociones.es\/Weblog\/wp-content\/uploads\/2013\/02\/y0069-125x125.png\" width=\"125\" height=\"125\" alt=\"\" \/><\/a>\r\n<\/dt><\/dl><br style=\"clear: both\" \/><dl class=\"gallery-item\">\n<dt class=\"gallery-icon\">\r\n<a href=\"https:\/\/www.elmundodelasemociones.es\/Weblog\/wp-content\/uploads\/2013\/02\/y0082.png\" title=\"\" rel=\"gallery1\"><img loading=\"lazy\" decoding=\"async\" src=\"https:\/\/www.elmundodelasemociones.es\/Weblog\/wp-content\/uploads\/2013\/02\/y0082-125x125.png\" width=\"125\" height=\"125\" alt=\"\" \/><\/a>\r\n<\/dt><\/dl><dl class=\"gallery-item\">\n<dt class=\"gallery-icon\">\r\n<a href=\"https:\/\/www.elmundodelasemociones.es\/Weblog\/wp-content\/uploads\/2013\/02\/y0083.png\" title=\"\" rel=\"gallery1\"><img loading=\"lazy\" decoding=\"async\" src=\"https:\/\/www.elmundodelasemociones.es\/Weblog\/wp-content\/uploads\/2013\/02\/y0083-125x125.png\" width=\"125\" height=\"125\" alt=\"\" \/><\/a>\r\n<\/dt><\/dl><br style=\"clear: both\" \/><dl class=\"gallery-item\">\n<dt class=\"gallery-icon\">\r\n<a href=\"https:\/\/www.elmundodelasemociones.es\/Weblog\/wp-content\/uploads\/2013\/02\/y0148.png\" title=\"\" rel=\"gallery1\"><img loading=\"lazy\" decoding=\"async\" src=\"https:\/\/www.elmundodelasemociones.es\/Weblog\/wp-content\/uploads\/2013\/02\/y0148-125x125.png\" width=\"125\" height=\"125\" alt=\"\" \/><\/a>\r\n<\/dt><\/dl><dl class=\"gallery-item\">\n<dt class=\"gallery-icon\">\r\n<a href=\"https:\/\/www.elmundodelasemociones.es\/Weblog\/wp-content\/uploads\/2013\/02\/12983848.jpg\" title=\"\" rel=\"gallery1\"><img loading=\"lazy\" decoding=\"async\" src=\"https:\/\/www.elmundodelasemociones.es\/Weblog\/wp-content\/uploads\/2013\/02\/12983848-125x125.jpg\" width=\"125\" height=\"125\" alt=\"\" \/><\/a>\r\n<\/dt><\/dl><br style=\"clear: both\" \/><dl class=\"gallery-item\">\n<dt class=\"gallery-icon\">\r\n<a href=\"https:\/\/www.elmundodelasemociones.es\/Weblog\/wp-content\/uploads\/2013\/02\/13047849.jpg\" title=\"\" rel=\"gallery1\"><img loading=\"lazy\" decoding=\"async\" src=\"https:\/\/www.elmundodelasemociones.es\/Weblog\/wp-content\/uploads\/2013\/02\/13047849-125x125.jpg\" width=\"125\" height=\"125\" alt=\"\" \/><\/a>\r\n<\/dt><\/dl><dl class=\"gallery-item\">\n<dt class=\"gallery-icon\">\r\n<a href=\"https:\/\/www.elmundodelasemociones.es\/Weblog\/wp-content\/uploads\/2018\/06\/Sun-Party-1.png\" title=\"Sun Party\" rel=\"gallery1\"><img loading=\"lazy\" decoding=\"async\" src=\"https:\/\/www.elmundodelasemociones.es\/Weblog\/wp-content\/uploads\/2018\/06\/Sun-Party-1-125x125.png\" width=\"125\" height=\"125\" alt=\"Sun Party\" \/><\/a>\r\n<\/dt><dd class=\"gallery-caption\" id=\"caption3008\"><span class=\"imagecaption\">Sun Party<\/span><br \/>\n<span class=\"imagedescription\">Sun Party<\/span><br \/>\n<\/dd><\/dl><br style=\"clear: both\" \/><dl class=\"gallery-item\">\n<dt class=\"gallery-icon\">\r\n<a href=\"https:\/\/www.elmundodelasemociones.es\/Weblog\/wp-content\/uploads\/2018\/06\/Sun-Party-2.png\" title=\"Sun Party\" rel=\"gallery1\"><img loading=\"lazy\" decoding=\"async\" src=\"https:\/\/www.elmundodelasemociones.es\/Weblog\/wp-content\/uploads\/2018\/06\/Sun-Party-2-125x125.png\" width=\"125\" height=\"125\" alt=\"Sun Party\" \/><\/a>\r\n<\/dt><dd class=\"gallery-caption\" id=\"caption3009\"><span class=\"imagecaption\">Sun Party<\/span><br \/>\n<span class=\"imagedescription\">Sun Party<\/span><br \/>\n<\/dd><\/dl><dl class=\"gallery-item\">\n<dt class=\"gallery-icon\">\r\n<a href=\"https:\/\/www.elmundodelasemociones.es\/Weblog\/wp-content\/uploads\/2018\/06\/Sun-Party-3.png\" title=\"Sun Party\" rel=\"gallery1\"><img loading=\"lazy\" decoding=\"async\" src=\"https:\/\/www.elmundodelasemociones.es\/Weblog\/wp-content\/uploads\/2018\/06\/Sun-Party-3-125x125.png\" width=\"125\" height=\"125\" alt=\"Sun Party\" \/><\/a>\r\n<\/dt><dd class=\"gallery-caption\" id=\"caption3010\"><span class=\"imagecaption\">Sun Party<\/span><br \/>\n<span class=\"imagedescription\">Sun Party<\/span><br \/>\n<\/dd><\/dl><br style=\"clear: both\" \/>\r\n\t\t<\/div>\n\n","protected":false},"excerpt":{"rendered":"<p>Galer\u00eda fotogr\u00e1fica de talleres, seminarios, conferencias, etc\u2026<\/p>\n","protected":false},"author":1,"featured_media":0,"parent":0,"menu_order":5,"comment_status":"open","ping_status":"closed","template":"","meta":{"footnotes":""},"class_list":["post-1544","page","type-page","status-publish","hentry"],"yoast_head":"<!-- This site is optimized with the Yoast SEO plugin v27.4 - https:\/\/yoast.com\/product\/yoast-seo-wordpress\/ -->\n<title>Galer\u00eda fotogr\u00e1fica - El mundo de las emociones<\/title>\n<meta name=\"robots\" content=\"index, follow, max-snippet:-1, max-image-preview:large, max-video-preview:-1\" \/>\n<link rel=\"canonical\" href=\"https:\/\/www.elmundodelasemociones.es\/Weblog\/galeria-fotografica\/\" \/>\n<meta property=\"og:locale\" content=\"es_ES\" \/>\n<meta property=\"og:type\" content=\"article\" \/>\n<meta property=\"og:title\" content=\"Galer\u00eda fotogr\u00e1fica - El mundo de las emociones\" \/>\n<meta property=\"og:description\" content=\"Galer\u00eda fotogr\u00e1fica de talleres, seminarios, conferencias, etc\u2026\" \/>\n<meta property=\"og:url\" content=\"https:\/\/www.elmundodelasemociones.es\/Weblog\/galeria-fotografica\/\" \/>\n<meta property=\"og:site_name\" content=\"El mundo de las emociones\" \/>\n<meta property=\"article:modified_time\" content=\"2018-06-13T07:47:14+00:00\" \/>\n<meta property=\"og:image\" content=\"https:\/\/www.elmundodelasemociones.es\/Weblog\/wp-content\/uploads\/2013\/02\/DSC03083-125x125.jpg\" \/>\n<script type=\"application\/ld+json\" class=\"yoast-schema-graph\">{\"@context\":\"https:\\\/\\\/schema.org\",\"@graph\":[{\"@type\":\"WebPage\",\"@id\":\"https:\\\/\\\/www.elmundodelasemociones.es\\\/Weblog\\\/galeria-fotografica\\\/\",\"url\":\"https:\\\/\\\/www.elmundodelasemociones.es\\\/Weblog\\\/galeria-fotografica\\\/\",\"name\":\"Galer\u00eda fotogr\u00e1fica - El mundo de las emociones\",\"isPartOf\":{\"@id\":\"https:\\\/\\\/www.elmundodelasemociones.es\\\/Weblog\\\/#website\"},\"datePublished\":\"2013-02-13T19:35:34+00:00\",\"dateModified\":\"2018-06-13T07:47:14+00:00\",\"breadcrumb\":{\"@id\":\"https:\\\/\\\/www.elmundodelasemociones.es\\\/Weblog\\\/galeria-fotografica\\\/#breadcrumb\"},\"inLanguage\":\"es\",\"potentialAction\":[{\"@type\":\"ReadAction\",\"target\":[\"https:\\\/\\\/www.elmundodelasemociones.es\\\/Weblog\\\/galeria-fotografica\\\/\"]}]},{\"@type\":\"BreadcrumbList\",\"@id\":\"https:\\\/\\\/www.elmundodelasemociones.es\\\/Weblog\\\/galeria-fotografica\\\/#breadcrumb\",\"itemListElement\":[{\"@type\":\"ListItem\",\"position\":1,\"name\":\"Portada\",\"item\":\"https:\\\/\\\/www.elmundodelasemociones.es\\\/Weblog\\\/\"},{\"@type\":\"ListItem\",\"position\":2,\"name\":\"Galer\u00eda fotogr\u00e1fica\"}]},{\"@type\":\"WebSite\",\"@id\":\"https:\\\/\\\/www.elmundodelasemociones.es\\\/Weblog\\\/#website\",\"url\":\"https:\\\/\\\/www.elmundodelasemociones.es\\\/Weblog\\\/\",\"name\":\"El mundo de las emociones\",\"description\":\"El blog de &quot;el mundo de las emociones&quot;\",\"potentialAction\":[{\"@type\":\"SearchAction\",\"target\":{\"@type\":\"EntryPoint\",\"urlTemplate\":\"https:\\\/\\\/www.elmundodelasemociones.es\\\/Weblog\\\/?s={search_term_string}\"},\"query-input\":{\"@type\":\"PropertyValueSpecification\",\"valueRequired\":true,\"valueName\":\"search_term_string\"}}],\"inLanguage\":\"es\"}]}<\/script>\n<!-- \/ Yoast SEO plugin. -->","yoast_head_json":{"title":"Galer\u00eda fotogr\u00e1fica - El mundo de las emociones","robots":{"index":"index","follow":"follow","max-snippet":"max-snippet:-1","max-image-preview":"max-image-preview:large","max-video-preview":"max-video-preview:-1"},"canonical":"https:\/\/www.elmundodelasemociones.es\/Weblog\/galeria-fotografica\/","og_locale":"es_ES","og_type":"article","og_title":"Galer\u00eda fotogr\u00e1fica - El mundo de las emociones","og_description":"Galer\u00eda fotogr\u00e1fica de talleres, seminarios, conferencias, etc\u2026","og_url":"https:\/\/www.elmundodelasemociones.es\/Weblog\/galeria-fotografica\/","og_site_name":"El mundo de las emociones","article_modified_time":"2018-06-13T07:47:14+00:00","og_image":[{"url":"https:\/\/www.elmundodelasemociones.es\/Weblog\/wp-content\/uploads\/2013\/02\/DSC03083-125x125.jpg","type":"","width":"","height":""}],"schema":{"@context":"https:\/\/schema.org","@graph":[{"@type":"WebPage","@id":"https:\/\/www.elmundodelasemociones.es\/Weblog\/galeria-fotografica\/","url":"https:\/\/www.elmundodelasemociones.es\/Weblog\/galeria-fotografica\/","name":"Galer\u00eda fotogr\u00e1fica - El mundo de las emociones","isPartOf":{"@id":"https:\/\/www.elmundodelasemociones.es\/Weblog\/#website"},"datePublished":"2013-02-13T19:35:34+00:00","dateModified":"2018-06-13T07:47:14+00:00","breadcrumb":{"@id":"https:\/\/www.elmundodelasemociones.es\/Weblog\/galeria-fotografica\/#breadcrumb"},"inLanguage":"es","potentialAction":[{"@type":"ReadAction","target":["https:\/\/www.elmundodelasemociones.es\/Weblog\/galeria-fotografica\/"]}]},{"@type":"BreadcrumbList","@id":"https:\/\/www.elmundodelasemociones.es\/Weblog\/galeria-fotografica\/#breadcrumb","itemListElement":[{"@type":"ListItem","position":1,"name":"Portada","item":"https:\/\/www.elmundodelasemociones.es\/Weblog\/"},{"@type":"ListItem","position":2,"name":"Galer\u00eda fotogr\u00e1fica"}]},{"@type":"WebSite","@id":"https:\/\/www.elmundodelasemociones.es\/Weblog\/#website","url":"https:\/\/www.elmundodelasemociones.es\/Weblog\/","name":"El mundo de las emociones","description":"El blog de &quot;el mundo de las emociones&quot;","potentialAction":[{"@type":"SearchAction","target":{"@type":"EntryPoint","urlTemplate":"https:\/\/www.elmundodelasemociones.es\/Weblog\/?s={search_term_string}"},"query-input":{"@type":"PropertyValueSpecification","valueRequired":true,"valueName":"search_term_string"}}],"inLanguage":"es"}]}},"jetpack_sharing_enabled":true,"jetpack_shortlink":"https:\/\/wp.me\/P82iJT-oU","_links":{"self":[{"href":"https:\/\/www.elmundodelasemociones.es\/Weblog\/wp-json\/wp\/v2\/pages\/1544","targetHints":{"allow":["GET"]}}],"collection":[{"href":"https:\/\/www.elmundodelasemociones.es\/Weblog\/wp-json\/wp\/v2\/pages"}],"about":[{"href":"https:\/\/www.elmundodelasemociones.es\/Weblog\/wp-json\/wp\/v2\/types\/page"}],"author":[{"embeddable":true,"href":"https:\/\/www.elmundodelasemociones.es\/Weblog\/wp-json\/wp\/v2\/users\/1"}],"replies":[{"embeddable":true,"href":"https:\/\/www.elmundodelasemociones.es\/Weblog\/wp-json\/wp\/v2\/comments?post=1544"}],"version-history":[{"count":0,"href":"https:\/\/www.elmundodelasemociones.es\/Weblog\/wp-json\/wp\/v2\/pages\/1544\/revisions"}],"wp:attachment":[{"href":"https:\/\/www.elmundodelasemociones.es\/Weblog\/wp-json\/wp\/v2\/media?parent=1544"}],"curies":[{"name":"wp","href":"https:\/\/api.w.org\/{rel}","templated":true}]}}