{"version":"1.0","provider_name":"El mundo de las emociones","provider_url":"https:\/\/www.elmundodelasemociones.es\/Weblog","author_name":"admin","author_url":"https:\/\/www.elmundodelasemociones.es\/Weblog\/author\/admin\/","title":"Webinar - C\u00f3mo liderar en On - El mundo de las emociones","type":"rich","width":600,"height":338,"html":"<blockquote class=\"wp-embedded-content\" data-secret=\"rrDu5DJYMQ\"><a href=\"https:\/\/www.elmundodelasemociones.es\/Weblog\/como-liderar-en-on\/\">Webinar &#8211; C\u00f3mo liderar en On<\/a><\/blockquote><iframe sandbox=\"allow-scripts\" security=\"restricted\" src=\"https:\/\/www.elmundodelasemociones.es\/Weblog\/como-liderar-en-on\/embed\/#?secret=rrDu5DJYMQ\" width=\"600\" height=\"338\" title=\"\u00abWebinar &#8211; C\u00f3mo liderar en On\u00bb \u2014 El mundo de las emociones\" data-secret=\"rrDu5DJYMQ\" frameborder=\"0\" marginwidth=\"0\" marginheight=\"0\" scrolling=\"no\" class=\"wp-embedded-content\"><\/iframe><script type=\"text\/javascript\">\n\/* <![CDATA[ *\/\n\/*! This file is auto-generated *\/\n!function(d,l){\"use strict\";l.querySelector&&d.addEventListener&&\"undefined\"!=typeof URL&&(d.wp=d.wp||{},d.wp.receiveEmbedMessage||(d.wp.receiveEmbedMessage=function(e){var t=e.data;if((t||t.secret||t.message||t.value)&&!\/[^a-zA-Z0-9]\/.test(t.secret)){for(var s,r,n,a=l.querySelectorAll('iframe[data-secret=\"'+t.secret+'\"]'),o=l.querySelectorAll('blockquote[data-secret=\"'+t.secret+'\"]'),c=new RegExp(\"^https?:$\",\"i\"),i=0;i<o.length;i++)o[i].style.display=\"none\";for(i=0;i<a.length;i++)s=a[i],e.source===s.contentWindow&&(s.removeAttribute(\"style\"),\"height\"===t.message?(1e3<(r=parseInt(t.value,10))?r=1e3:~~r<200&&(r=200),s.height=r):\"link\"===t.message&&(r=new URL(s.getAttribute(\"src\")),n=new URL(t.value),c.test(n.protocol))&&n.host===r.host&&l.activeElement===s&&(d.top.location.href=t.value))}},d.addEventListener(\"message\",d.wp.receiveEmbedMessage,!1),l.addEventListener(\"DOMContentLoaded\",function(){for(var e,t,s=l.querySelectorAll(\"iframe.wp-embedded-content\"),r=0;r<s.length;r++)(t=(e=s[r]).getAttribute(\"data-secret\"))||(t=Math.random().toString(36).substring(2,12),e.src+=\"#?secret=\"+t,e.setAttribute(\"data-secret\",t)),e.contentWindow.postMessage({message:\"ready\",secret:t},\"*\")},!1)))}(window,document);\n\/\/# sourceURL=https:\/\/www.elmundodelasemociones.es\/Weblog\/wp-includes\/js\/wp-embed.min.js\n\/* ]]> *\/\n<\/script>\n","description":"\u00bfC\u00f3mo liderar en ON?  Ideas aplicables al momento para que muevas a tu gente de OFF a ON.  Uno de los problemas graves que viven las empresas es la falta de pasi\u00f3n de sus l\u00edderes. Las organizaciones lideradas sin pasi\u00f3n est\u00e1n estancadas, sin energ\u00eda, cargadas de actitudes del tipo: \u201ctotal para qu\u00e9\u201d, \u201ca estas alturas\u201d, \u201cno creo en esas cosas\u201d... est\u00e1n detenidas en el tiempo.  Preg\u00fantate: \u00bfEst\u00e1s en \u2018On\u2019 o en \u2018OFF\u2019?    \u00bfDESCUBRE C\u00d3MO?  - Identificar si como l\u00edder est\u00e1s: \u201cOn, Stand-by, Off\u201d. - Mover a tu gente de Off a On. - Eliminar la cultura del microondas. - Identificar hacia d\u00f3nde diriges tu gente. - Manejar las emociones en ON.  Martes, 8 de abril de 2014 10:00 a.m. Est. (Hora Miami - Puerto Rico)  M\u00e1s informaci\u00f3n","thumbnail_url":"https:\/\/www.elmundodelasemociones.es\/Weblog\/wp-content\/uploads\/2014\/03\/webinar.png"}